{"id":949,"date":"2023-07-18T11:02:22","date_gmt":"2023-07-18T09:02:22","guid":{"rendered":"https:\/\/cfdt13.fr\/blog\/?page_id=949"},"modified":"2025-05-23T14:32:31","modified_gmt":"2025-05-23T12:32:31","slug":"la-cfdt-des-bouches-du-rhone-pendant-la-periode-estivale-2023","status":"publish","type":"page","link":"https:\/\/cfdt13.fr\/blog\/","title":{"rendered":"Accueil"},"content":{"rendered":"\n<h1 class=\"wp-block-heading\"><\/h1>\n\n\n<div >\n<div id=\"pcp_wrapper-1116\" class=\"sp-pcp-section sp-pcp-container pcp-wrapper-1116\">\n\t<div class=\"sp-pcp-row\">\n\t\t\t\t<div class=\" sp-pcp-col-xs-1 sp-pcp-col-sm-2 sp-pcp-col-md-3 sp-pcp-col-lg-4 sp-pcp-col-xl-4\">\n\t\t\t<div class=\"sp-pcp-post pcp-item-1587\" data-id=\"1587\">\n\t\t\t\t\t\t\t\t<div class=\"pcp-post-thumb-wrapper\">\n\t\t\t\t\t<div class=\"sp-pcp-post-thumb-area\">\n\t\t\t\t\t\t\t\t\t\t\t\t<a class=\"sp-pcp-thumb\" href=\"https:\/\/cfdt13.fr\/blog\/harcelement-au-travail-retour-sur-la-rencontre-debat-organisee-par-la-cfdt-des-bouches-du-rhone\/\" target=\"_self\" >\n\t\t\t\t\t\t\t\t\t\t\t\t\t<img loading=\"lazy\" decoding=\"async\" src=\"https:\/\/cfdt13.fr\/blog\/wp-content\/uploads\/2025\/03\/cfdt13_illust1_harcelement.jpg\" width=\"1000\" height=\"750\" alt=\"\">\n\t\t\t\t\t\t<\/a>\n\t\t\t\t\t<\/div>\n\t\t\t\t<\/div>\n\t\t\t\t\t\t\t<h2 class=\"sp-pcp-title\">\n\t\t\t\t\t\t\t\t\t<a href=\"https:\/\/cfdt13.fr\/blog\/harcelement-au-travail-retour-sur-la-rencontre-debat-organisee-par-la-cfdt-des-bouches-du-rhone\/\"  target=\"_self\">Harc\u00e8lement au travail : retour sur la rencontre-d\u00e9bat organis\u00e9e par la CFDT des Bouches-du-Rh\u00f4ne<\/a>\t\t\t\t\t\t\t<\/h2>\n\t\t\t\t\t\t<div class=\"sp-pcp-post-meta\">\n\t\t\t<ul><li>\t\t\t\t\t<i class=\"fa fa-user\"><\/i>\n\t\t\t\t\t<a href=\"https:\/\/cfdt13.fr\/blog\/author\/communication\/\"\n\t\t\t\t\t\trel=\"author\">communication cfdt 13<\/a>\n\t\t\t\t\t<\/li> <li>\t\t\t\t\t<i class=\"fa fa-calendar\"><\/i>\n\n<time class=\"entry-date published updated\">3 mars 2025<\/time>\n\t\t\t\t\t<\/li><\/ul>\t\t<\/div>\n\t\t\t\t\t<div class=\"sp-pcp-post-content\">\n\t\t\t<p>Le 26 f\u00e9vrier 2025, la CFDT des Bouches-du-Rh\u00f4ne a organis\u00e9 une rencontre-d\u00e9bat sur le harc\u00e8lement au travail. Olivia Foli\u00b9, sociologue<\/p>\n\t\t<div class=\"sp-pcp-readmore\">\n\t\t\t\t\t\t\t<a class=\"pcp-readmore-link\" target=\"_self\" href=\"https:\/\/cfdt13.fr\/blog\/harcelement-au-travail-retour-sur-la-rencontre-debat-organisee-par-la-cfdt-des-bouches-du-rhone\/\" >\n\t\t\t\t\t\tRead More <\/a>\n\t\t<\/div>\n\t\t\t\t\t<\/div>\n\t\t\t\t\t\t<\/div>\n\t\t<\/div>\n\t\t\t\t<div class=\" sp-pcp-col-xs-1 sp-pcp-col-sm-2 sp-pcp-col-md-3 sp-pcp-col-lg-4 sp-pcp-col-xl-4\">\n\t\t\t<div class=\"sp-pcp-post pcp-item-1542\" data-id=\"1542\">\n\t\t\t\t\t\t\t\t<div class=\"pcp-post-thumb-wrapper\">\n\t\t\t\t\t<div class=\"sp-pcp-post-thumb-area\">\n\t\t\t\t\t\t\t\t\t\t\t\t<a class=\"sp-pcp-thumb\" href=\"https:\/\/cfdt13.fr\/blog\/teletravail-quel-syndicalisme-et-quelle-organisation-du-travail\/\" target=\"_self\" >\n\t\t\t\t\t\t\t\t\t\t\t\t\t<img loading=\"lazy\" decoding=\"async\" src=\"https:\/\/cfdt13.fr\/blog\/wp-content\/uploads\/2024\/10\/image-article-teletravail-cfdt13.jpg\" width=\"2240\" height=\"1260\" alt=\"\">\n\t\t\t\t\t\t<\/a>\n\t\t\t\t\t<\/div>\n\t\t\t\t<\/div>\n\t\t\t\t\t\t\t<h2 class=\"sp-pcp-title\">\n\t\t\t\t\t\t\t\t\t<a href=\"https:\/\/cfdt13.fr\/blog\/teletravail-quel-syndicalisme-et-quelle-organisation-du-travail\/\"  target=\"_self\">T\u00e9l\u00e9travail, quel syndicalisme et quelle organisation du travail\u00a0?<\/a>\t\t\t\t\t\t\t<\/h2>\n\t\t\t\t\t\t<div class=\"sp-pcp-post-meta\">\n\t\t\t<ul><li>\t\t\t\t\t<i class=\"fa fa-user\"><\/i>\n\t\t\t\t\t<a href=\"https:\/\/cfdt13.fr\/blog\/author\/communication\/\"\n\t\t\t\t\t\trel=\"author\">communication cfdt 13<\/a>\n\t\t\t\t\t<\/li> <li>\t\t\t\t\t<i class=\"fa fa-calendar\"><\/i>\n\n<time class=\"entry-date published updated\">17 d\u00e9cembre 2024<\/time>\n\t\t\t\t\t<\/li><\/ul>\t\t<\/div>\n\t\t\t\t\t<div class=\"sp-pcp-post-content\">\n\t\t\t<p>\u00c0 la rencontre et \u00e0 l\u2019\u00e9coute des salari\u00e9s Le t\u00e9l\u00e9travail, amplifi\u00e9 par la crise sanitaire, est aujourd\u2019hui une r\u00e9alit\u00e9 pour<\/p>\n\t\t<div class=\"sp-pcp-readmore\">\n\t\t\t\t\t\t\t<a class=\"pcp-readmore-link\" target=\"_self\" href=\"https:\/\/cfdt13.fr\/blog\/teletravail-quel-syndicalisme-et-quelle-organisation-du-travail\/\" >\n\t\t\t\t\t\tRead More <\/a>\n\t\t<\/div>\n\t\t\t\t\t<\/div>\n\t\t\t\t\t\t<\/div>\n\t\t<\/div>\n\t\t\t\t<div class=\" sp-pcp-col-xs-1 sp-pcp-col-sm-2 sp-pcp-col-md-3 sp-pcp-col-lg-4 sp-pcp-col-xl-4\">\n\t\t\t<div class=\"sp-pcp-post pcp-item-1530\" data-id=\"1530\">\n\t\t\t\t\t\t\t\t<div class=\"pcp-post-thumb-wrapper\">\n\t\t\t\t\t<div class=\"sp-pcp-post-thumb-area\">\n\t\t\t\t\t\t\t\t\t\t\t\t<a class=\"sp-pcp-thumb\" href=\"https:\/\/cfdt13.fr\/blog\/je-vois-jagis-je-comprends-jagis\/\" target=\"_self\" >\n\t\t\t\t\t\t\t\t\t\t\t\t\t<img loading=\"lazy\" decoding=\"async\" src=\"https:\/\/cfdt13.fr\/blog\/wp-content\/uploads\/2024\/11\/1.jpg\" width=\"1600\" height=\"900\" alt=\"\">\n\t\t\t\t\t\t<\/a>\n\t\t\t\t\t<\/div>\n\t\t\t\t<\/div>\n\t\t\t\t\t\t\t<h2 class=\"sp-pcp-title\">\n\t\t\t\t\t\t\t\t\t<a href=\"https:\/\/cfdt13.fr\/blog\/je-vois-jagis-je-comprends-jagis\/\"  target=\"_self\">JE VOIS, J&rsquo;AGIS. JE COMPRENDS, J&rsquo;AGIS<\/a>\t\t\t\t\t\t\t<\/h2>\n\t\t\t\t\t\t<div class=\"sp-pcp-post-meta\">\n\t\t\t<ul><li>\t\t\t\t\t<i class=\"fa fa-user\"><\/i>\n\t\t\t\t\t<a href=\"https:\/\/cfdt13.fr\/blog\/author\/communication\/\"\n\t\t\t\t\t\trel=\"author\">communication cfdt 13<\/a>\n\t\t\t\t\t<\/li> <li>\t\t\t\t\t<i class=\"fa fa-calendar\"><\/i>\n\n<time class=\"entry-date published updated\">14 novembre 2024<\/time>\n\t\t\t\t\t<\/li><\/ul>\t\t<\/div>\n\t\t\t\t\t<div class=\"sp-pcp-post-content\">\n\t\t\t<p>Les violences faites aux femmes au travail : une probl\u00e9matique persistante&nbsp; La violence \u00e0 l\u2019\u00e9gard des femmes, et particuli\u00e8rement au<\/p>\n\t\t<div class=\"sp-pcp-readmore\">\n\t\t\t\t\t\t\t<a class=\"pcp-readmore-link\" target=\"_self\" href=\"https:\/\/cfdt13.fr\/blog\/je-vois-jagis-je-comprends-jagis\/\" >\n\t\t\t\t\t\tRead More <\/a>\n\t\t<\/div>\n\t\t\t\t\t<\/div>\n\t\t\t\t\t\t<\/div>\n\t\t<\/div>\n\t\t\t\t<div class=\" sp-pcp-col-xs-1 sp-pcp-col-sm-2 sp-pcp-col-md-3 sp-pcp-col-lg-4 sp-pcp-col-xl-4\">\n\t\t\t<div class=\"sp-pcp-post pcp-item-1496\" data-id=\"1496\">\n\t\t\t\t\t\t\t\t<div class=\"pcp-post-thumb-wrapper\">\n\t\t\t\t\t<div class=\"sp-pcp-post-thumb-area\">\n\t\t\t\t\t\t\t\t\t\t\t\t<a class=\"sp-pcp-thumb\" href=\"https:\/\/cfdt13.fr\/blog\/le-document-unique-devaluation-des-risques-professionnels-duerp-un-pilier-de-la-securite-au-travail\/\" target=\"_self\" >\n\t\t\t\t\t\t\t\t\t\t\t\t\t<img loading=\"lazy\" decoding=\"async\" src=\"https:\/\/cfdt13.fr\/blog\/wp-content\/uploads\/2024\/09\/image-article-duerp-cfdt13.jpg\" width=\"1680\" height=\"945\" alt=\"\">\n\t\t\t\t\t\t<\/a>\n\t\t\t\t\t<\/div>\n\t\t\t\t<\/div>\n\t\t\t\t\t\t\t<h2 class=\"sp-pcp-title\">\n\t\t\t\t\t\t\t\t\t<a href=\"https:\/\/cfdt13.fr\/blog\/le-document-unique-devaluation-des-risques-professionnels-duerp-un-pilier-de-la-securite-au-travail\/\"  target=\"_self\">Le Document Unique d\u2019Evaluation des Risques Professionnels (DUERP) : Un pilier de la s\u00e9curit\u00e9 au travail<\/a>\t\t\t\t\t\t\t<\/h2>\n\t\t\t\t\t\t<div class=\"sp-pcp-post-meta\">\n\t\t\t<ul><li>\t\t\t\t\t<i class=\"fa fa-user\"><\/i>\n\t\t\t\t\t<a href=\"https:\/\/cfdt13.fr\/blog\/author\/communication\/\"\n\t\t\t\t\t\trel=\"author\">communication cfdt 13<\/a>\n\t\t\t\t\t<\/li> <li>\t\t\t\t\t<i class=\"fa fa-calendar\"><\/i>\n\n<time class=\"entry-date published updated\">30 septembre 2024<\/time>\n\t\t\t\t\t<\/li><\/ul>\t\t<\/div>\n\t\t\t\t\t<div class=\"sp-pcp-post-content\">\n\t\t\t<p>La s\u00e9curit\u00e9 au travail est un enjeu majeur pour les travailleuses et les travailleurs, pour la CFDT et pour toutes les entreprises, quelle que soit leur taille ou leur secteur d&rsquo;activit\u00e9. Parmi les outils indispensables pour garantir cette s\u00e9curit\u00e9, le Document Unique d&rsquo;\u00c9valuation des Risques Professionnels (DUERP) occupe une place centrale. Mais qu&rsquo;est-ce que ce document signifie r\u00e9ellement pour les travailleurs et comment peut-il am\u00e9liorer leur quotidien au travail ?<\/p>\n\t\t<div class=\"sp-pcp-readmore\">\n\t\t\t\t\t\t\t<a class=\"pcp-readmore-link\" target=\"_self\" href=\"https:\/\/cfdt13.fr\/blog\/le-document-unique-devaluation-des-risques-professionnels-duerp-un-pilier-de-la-securite-au-travail\/\" >\n\t\t\t\t\t\tRead More <\/a>\n\t\t<\/div>\n\t\t\t\t\t<\/div>\n\t\t\t\t\t\t<\/div>\n\t\t<\/div>\n\t\t\t\t<div class=\" sp-pcp-col-xs-1 sp-pcp-col-sm-2 sp-pcp-col-md-3 sp-pcp-col-lg-4 sp-pcp-col-xl-4\">\n\t\t\t<div class=\"sp-pcp-post pcp-item-1459\" data-id=\"1459\">\n\t\t\t\t\t\t\t\t<div class=\"pcp-post-thumb-wrapper\">\n\t\t\t\t\t<div class=\"sp-pcp-post-thumb-area\">\n\t\t\t\t\t\t\t\t\t\t\t\t<a class=\"sp-pcp-thumb\" href=\"https:\/\/cfdt13.fr\/blog\/lelection-syndicale-tpe-2024\/\" target=\"_self\" >\n\t\t\t\t\t\t\t\t\t\t\t\t\t<img loading=\"lazy\" decoding=\"async\" src=\"https:\/\/cfdt13.fr\/blog\/wp-content\/uploads\/2024\/09\/cfdt_tpe_2024-e1726227751838.png\" width=\"658\" height=\"193\" alt=\"\">\n\t\t\t\t\t\t<\/a>\n\t\t\t\t\t<\/div>\n\t\t\t\t<\/div>\n\t\t\t\t\t\t\t<h2 class=\"sp-pcp-title\">\n\t\t\t\t\t\t\t\t\t<a href=\"https:\/\/cfdt13.fr\/blog\/lelection-syndicale-tpe-2024\/\"  target=\"_self\">L\u2019\u00e9lection syndicale TPE 2024 : des enjeux importants pour les travailleuses et travailleurs des Tr\u00e8s Petites Entreprises<\/a>\t\t\t\t\t\t\t<\/h2>\n\t\t\t\t\t\t<div class=\"sp-pcp-post-meta\">\n\t\t\t<ul><li>\t\t\t\t\t<i class=\"fa fa-user\"><\/i>\n\t\t\t\t\t<a href=\"https:\/\/cfdt13.fr\/blog\/author\/communication\/\"\n\t\t\t\t\t\trel=\"author\">communication cfdt 13<\/a>\n\t\t\t\t\t<\/li> <li>\t\t\t\t\t<i class=\"fa fa-calendar\"><\/i>\n\n<time class=\"entry-date published updated\">6 septembre 2024<\/time>\n\t\t\t\t\t<\/li><\/ul>\t\t<\/div>\n\t\t\t\t\t<div class=\"sp-pcp-post-content\">\n\t\t\t<p>Du 25 novembre au 09 d\u00e9cembre ont lieu les \u00e9lections professionnelles pour les TPE. Pour la CFDT, tr\u00e8s petite entreprise<\/p>\n\t\t<div class=\"sp-pcp-readmore\">\n\t\t\t\t\t\t\t<a class=\"pcp-readmore-link\" target=\"_self\" href=\"https:\/\/cfdt13.fr\/blog\/lelection-syndicale-tpe-2024\/\" >\n\t\t\t\t\t\tRead More <\/a>\n\t\t<\/div>\n\t\t\t\t\t<\/div>\n\t\t\t\t\t\t<\/div>\n\t\t<\/div>\n\t\t\t\t<div class=\" sp-pcp-col-xs-1 sp-pcp-col-sm-2 sp-pcp-col-md-3 sp-pcp-col-lg-4 sp-pcp-col-xl-4\">\n\t\t\t<div class=\"sp-pcp-post pcp-item-1439\" data-id=\"1439\">\n\t\t\t\t\t\t\t\t<div class=\"pcp-post-thumb-wrapper\">\n\t\t\t\t\t<div class=\"sp-pcp-post-thumb-area\">\n\t\t\t\t\t\t\t\t\t\t\t\t<a class=\"sp-pcp-thumb\" href=\"https:\/\/cfdt13.fr\/blog\/legislatives-anticipees-la-cfdt-appelle-a-combattre-lextreme-droite\/\" target=\"_self\" >\n\t\t\t\t\t\t\t\t\t\t\t\t\t<img loading=\"lazy\" decoding=\"async\" src=\"https:\/\/cfdt13.fr\/blog\/wp-content\/uploads\/2024\/06\/th-670x670-votons2_2024-06-17_13-43-47_336.png.png\" width=\"670\" height=\"279\" alt=\"\">\n\t\t\t\t\t\t<\/a>\n\t\t\t\t\t<\/div>\n\t\t\t\t<\/div>\n\t\t\t\t\t\t\t<h2 class=\"sp-pcp-title\">\n\t\t\t\t\t\t\t\t\t<a href=\"https:\/\/cfdt13.fr\/blog\/legislatives-anticipees-la-cfdt-appelle-a-combattre-lextreme-droite\/\"  target=\"_self\">L\u00e9gislatives anticip\u00e9es : La CFDT appelle \u00e0 combattre l&rsquo;extr\u00eame droite<\/a>\t\t\t\t\t\t\t<\/h2>\n\t\t\t\t\t\t<div class=\"sp-pcp-post-meta\">\n\t\t\t<ul><li>\t\t\t\t\t<i class=\"fa fa-user\"><\/i>\n\t\t\t\t\t<a href=\"https:\/\/cfdt13.fr\/blog\/author\/communication\/\"\n\t\t\t\t\t\trel=\"author\">communication cfdt 13<\/a>\n\t\t\t\t\t<\/li> <li>\t\t\t\t\t<i class=\"fa fa-calendar\"><\/i>\n\n<time class=\"entry-date published updated\">26 juin 2024<\/time>\n\t\t\t\t\t<\/li><\/ul>\t\t<\/div>\n\t\t\t\t\t<div class=\"sp-pcp-post-content\">\n\t\t\t<p>La CFDT n\u2019est pas un parti politique mais, en tant que premi\u00e8re organisation syndicale de ce pays,\u00a0elle prend sa part<\/p>\n\t\t<div class=\"sp-pcp-readmore\">\n\t\t\t\t\t\t\t<a class=\"pcp-readmore-link\" target=\"_self\" href=\"https:\/\/cfdt13.fr\/blog\/legislatives-anticipees-la-cfdt-appelle-a-combattre-lextreme-droite\/\" >\n\t\t\t\t\t\tRead More <\/a>\n\t\t<\/div>\n\t\t\t\t\t<\/div>\n\t\t\t\t\t\t<\/div>\n\t\t<\/div>\n\t\t\t\t<div class=\" sp-pcp-col-xs-1 sp-pcp-col-sm-2 sp-pcp-col-md-3 sp-pcp-col-lg-4 sp-pcp-col-xl-4\">\n\t\t\t<div class=\"sp-pcp-post pcp-item-1425\" data-id=\"1425\">\n\t\t\t\t\t\t\t\t<div class=\"pcp-post-thumb-wrapper\">\n\t\t\t\t\t<div class=\"sp-pcp-post-thumb-area\">\n\t\t\t\t\t\t\t\t\t\t\t\t<a class=\"sp-pcp-thumb\" href=\"https:\/\/cfdt13.fr\/blog\/lors-des-elections-europeennes-le-9-juin-faisons-entendre-nos-voix\/\" target=\"_self\" >\n\t\t\t\t\t\t\t\t\t\t\t\t\t<img loading=\"lazy\" decoding=\"async\" src=\"https:\/\/cfdt13.fr\/blog\/wp-content\/uploads\/2024\/05\/cfdt-13-article-elections-europeennes.jpg\" width=\"2240\" height=\"1260\" alt=\"\">\n\t\t\t\t\t\t<\/a>\n\t\t\t\t\t<\/div>\n\t\t\t\t<\/div>\n\t\t\t\t\t\t\t<h2 class=\"sp-pcp-title\">\n\t\t\t\t\t\t\t\t\t<a href=\"https:\/\/cfdt13.fr\/blog\/lors-des-elections-europeennes-le-9-juin-faisons-entendre-nos-voix\/\"  target=\"_self\">Lors des \u00e9lections europ\u00e9ennes, le 9 juin, faisons entendre nos voix<\/a>\t\t\t\t\t\t\t<\/h2>\n\t\t\t\t\t\t<div class=\"sp-pcp-post-meta\">\n\t\t\t<ul><li>\t\t\t\t\t<i class=\"fa fa-user\"><\/i>\n\t\t\t\t\t<a href=\"https:\/\/cfdt13.fr\/blog\/author\/communication\/\"\n\t\t\t\t\t\trel=\"author\">communication cfdt 13<\/a>\n\t\t\t\t\t<\/li> <li>\t\t\t\t\t<i class=\"fa fa-calendar\"><\/i>\n\n<time class=\"entry-date published updated\">31 mai 2024<\/time>\n\t\t\t\t\t<\/li><\/ul>\t\t<\/div>\n\t\t\t\t\t<div class=\"sp-pcp-post-content\">\n\t\t\t<p>Les crises successives qui ont travers\u00e9 l\u2019Europe ces derni\u00e8res ann\u00e9es ont largement illustr\u00e9 les enjeux des \u00e9lections europ\u00e9ennes. Le 9<\/p>\n\t\t<div class=\"sp-pcp-readmore\">\n\t\t\t\t\t\t\t<a class=\"pcp-readmore-link\" target=\"_self\" href=\"https:\/\/cfdt13.fr\/blog\/lors-des-elections-europeennes-le-9-juin-faisons-entendre-nos-voix\/\" >\n\t\t\t\t\t\tRead More <\/a>\n\t\t<\/div>\n\t\t\t\t\t<\/div>\n\t\t\t\t\t\t<\/div>\n\t\t<\/div>\n\t\t\t\t<div class=\" sp-pcp-col-xs-1 sp-pcp-col-sm-2 sp-pcp-col-md-3 sp-pcp-col-lg-4 sp-pcp-col-xl-4\">\n\t\t\t<div class=\"sp-pcp-post pcp-item-1411\" data-id=\"1411\">\n\t\t\t\t\t\t\t\t<div class=\"pcp-post-thumb-wrapper\">\n\t\t\t\t\t<div class=\"sp-pcp-post-thumb-area\">\n\t\t\t\t\t\t\t\t\t\t\t\t<a class=\"sp-pcp-thumb\" href=\"https:\/\/cfdt13.fr\/blog\/1er-mai-2024-la-cfdt-se-mobilise-pour-ses-valeurs\/\" target=\"_self\" >\n\t\t\t\t\t\t\t\t\t\t\t\t\t<img loading=\"lazy\" decoding=\"async\" src=\"https:\/\/cfdt13.fr\/blog\/wp-content\/uploads\/2024\/04\/article-1er-mai-_-image-entete.jpg\" width=\"2240\" height=\"1260\" alt=\"\">\n\t\t\t\t\t\t<\/a>\n\t\t\t\t\t<\/div>\n\t\t\t\t<\/div>\n\t\t\t\t\t\t\t<h2 class=\"sp-pcp-title\">\n\t\t\t\t\t\t\t\t\t<a href=\"https:\/\/cfdt13.fr\/blog\/1er-mai-2024-la-cfdt-se-mobilise-pour-ses-valeurs\/\"  target=\"_self\">1er Mai 2024 : La CFDT se mobilise pour ses valeurs<\/a>\t\t\t\t\t\t\t<\/h2>\n\t\t\t\t\t\t<div class=\"sp-pcp-post-meta\">\n\t\t\t<ul><li>\t\t\t\t\t<i class=\"fa fa-user\"><\/i>\n\t\t\t\t\t<a href=\"https:\/\/cfdt13.fr\/blog\/author\/communication\/\"\n\t\t\t\t\t\trel=\"author\">communication cfdt 13<\/a>\n\t\t\t\t\t<\/li> <li>\t\t\t\t\t<i class=\"fa fa-calendar\"><\/i>\n\n<time class=\"entry-date published updated\">19 avril 2024<\/time>\n\t\t\t\t\t<\/li><\/ul>\t\t<\/div>\n\t\t\t\t\t<div class=\"sp-pcp-post-content\">\n\t\t\t<p>Par Alain Rei, Secr\u00e9taire G\u00e9n\u00e9ral de la CFDT des Bouches du Rh\u00f4ne Le 1er mai 2023 \u00e9tait une journ\u00e9e d\u2019action<\/p>\n\t\t<div class=\"sp-pcp-readmore\">\n\t\t\t\t\t\t\t<a class=\"pcp-readmore-link\" target=\"_self\" href=\"https:\/\/cfdt13.fr\/blog\/1er-mai-2024-la-cfdt-se-mobilise-pour-ses-valeurs\/\" >\n\t\t\t\t\t\tRead More <\/a>\n\t\t<\/div>\n\t\t\t\t\t<\/div>\n\t\t\t\t\t\t<\/div>\n\t\t<\/div>\n\t\t\t\t<div class=\" sp-pcp-col-xs-1 sp-pcp-col-sm-2 sp-pcp-col-md-3 sp-pcp-col-lg-4 sp-pcp-col-xl-4\">\n\t\t\t<div class=\"sp-pcp-post pcp-item-1407\" data-id=\"1407\">\n\t\t\t\t\t\t\t\t<div class=\"pcp-post-thumb-wrapper\">\n\t\t\t\t\t<div class=\"sp-pcp-post-thumb-area\">\n\t\t\t\t\t\t\t\t\t\t\t\t<a class=\"sp-pcp-thumb\" href=\"https:\/\/cfdt13.fr\/blog\/elections-europeennes-les-enjeux-les-risques-ce-que-dit-la-cfdt\/\" target=\"_self\" >\n\t\t\t\t\t\t\t\t\t\t\t\t\t<img loading=\"lazy\" decoding=\"async\" src=\"https:\/\/cfdt13.fr\/blog\/wp-content\/uploads\/2024\/03\/Construire_europe_cover-FB.jpg\" width=\"1920\" height=\"1080\" alt=\"\">\n\t\t\t\t\t\t<\/a>\n\t\t\t\t\t<\/div>\n\t\t\t\t<\/div>\n\t\t\t\t\t\t\t<h2 class=\"sp-pcp-title\">\n\t\t\t\t\t\t\t\t\t<a href=\"https:\/\/cfdt13.fr\/blog\/elections-europeennes-les-enjeux-les-risques-ce-que-dit-la-cfdt\/\"  target=\"_self\">\u00c9lections europ\u00e9ennes : les enjeux, les risques, ce que dit la CFDT&#8230;<\/a>\t\t\t\t\t\t\t<\/h2>\n\t\t\t\t\t\t<div class=\"sp-pcp-post-meta\">\n\t\t\t<ul><li>\t\t\t\t\t<i class=\"fa fa-user\"><\/i>\n\t\t\t\t\t<a href=\"https:\/\/cfdt13.fr\/blog\/author\/communication\/\"\n\t\t\t\t\t\trel=\"author\">communication cfdt 13<\/a>\n\t\t\t\t\t<\/li> <li>\t\t\t\t\t<i class=\"fa fa-calendar\"><\/i>\n\n<time class=\"entry-date published updated\">19 avril 2024<\/time>\n\t\t\t\t\t<\/li><\/ul>\t\t<\/div>\n\t\t\t\t\t<div class=\"sp-pcp-post-content\">\n\t\t\t<p>Apr\u00e8s midi de d\u00e9bats organis\u00e9e par l&rsquo;UTR (Union Territoriale de Retrait\u00e9s) Article transmis par Gilles Toullec, Secr\u00e9taire G\u00e9n\u00e9ral de l&rsquo;UTR.<\/p>\n\t\t<div class=\"sp-pcp-readmore\">\n\t\t\t\t\t\t\t<a class=\"pcp-readmore-link\" target=\"_self\" href=\"https:\/\/cfdt13.fr\/blog\/elections-europeennes-les-enjeux-les-risques-ce-que-dit-la-cfdt\/\" >\n\t\t\t\t\t\tRead More <\/a>\n\t\t<\/div>\n\t\t\t\t\t<\/div>\n\t\t\t\t\t\t<\/div>\n\t\t<\/div>\n\t\t\t\t<div class=\" sp-pcp-col-xs-1 sp-pcp-col-sm-2 sp-pcp-col-md-3 sp-pcp-col-lg-4 sp-pcp-col-xl-4\">\n\t\t\t<div class=\"sp-pcp-post pcp-item-1389\" data-id=\"1389\">\n\t\t\t\t\t\t\t\t<div class=\"pcp-post-thumb-wrapper\">\n\t\t\t\t\t<div class=\"sp-pcp-post-thumb-area\">\n\t\t\t\t\t\t\t\t\t\t\t\t<a class=\"sp-pcp-thumb\" href=\"https:\/\/cfdt13.fr\/blog\/18-ans-du-reseau-educateurs-sans-frontieres-resf-13\/\" target=\"_self\" >\n\t\t\t\t\t\t\t\t\t\t\t\t\t<img loading=\"lazy\" decoding=\"async\" src=\"https:\/\/cfdt13.fr\/blog\/wp-content\/uploads\/2024\/04\/faites-ce-que-vous-trouvez-juste.jpg\" width=\"1080\" height=\"720\" alt=\"\">\n\t\t\t\t\t\t<\/a>\n\t\t\t\t\t<\/div>\n\t\t\t\t<\/div>\n\t\t\t\t\t\t\t<h2 class=\"sp-pcp-title\">\n\t\t\t\t\t\t\t\t\t<a href=\"https:\/\/cfdt13.fr\/blog\/18-ans-du-reseau-educateurs-sans-frontieres-resf-13\/\"  target=\"_self\">18 ans du R\u00e9seau \u00c9ducation sans Fronti\u00e8res (RESF) 13<\/a>\t\t\t\t\t\t\t<\/h2>\n\t\t\t\t\t\t<div class=\"sp-pcp-post-meta\">\n\t\t\t<ul><li>\t\t\t\t\t<i class=\"fa fa-user\"><\/i>\n\t\t\t\t\t<a href=\"https:\/\/cfdt13.fr\/blog\/author\/communication\/\"\n\t\t\t\t\t\trel=\"author\">communication cfdt 13<\/a>\n\t\t\t\t\t<\/li> <li>\t\t\t\t\t<i class=\"fa fa-calendar\"><\/i>\n\n<time class=\"entry-date published updated\">9 avril 2024<\/time>\n\t\t\t\t\t<\/li><\/ul>\t\t<\/div>\n\t\t\t\t\t<div class=\"sp-pcp-post-content\">\n\t\t\t<p>Par : Gilles Graber, Sgen CFDT En \u00e9crivant ces petits mots pour f\u00eater les 18 ans du RESF 13, une<\/p>\n\t\t<div class=\"sp-pcp-readmore\">\n\t\t\t\t\t\t\t<a class=\"pcp-readmore-link\" target=\"_self\" href=\"https:\/\/cfdt13.fr\/blog\/18-ans-du-reseau-educateurs-sans-frontieres-resf-13\/\" >\n\t\t\t\t\t\tRead More <\/a>\n\t\t<\/div>\n\t\t\t\t\t<\/div>\n\t\t\t\t\t\t<\/div>\n\t\t<\/div>\n\t\t\t\t<div class=\" sp-pcp-col-xs-1 sp-pcp-col-sm-2 sp-pcp-col-md-3 sp-pcp-col-lg-4 sp-pcp-col-xl-4\">\n\t\t\t<div class=\"sp-pcp-post pcp-item-1381\" data-id=\"1381\">\n\t\t\t\t\t\t\t\t<div class=\"pcp-post-thumb-wrapper\">\n\t\t\t\t\t<div class=\"sp-pcp-post-thumb-area\">\n\t\t\t\t\t\t\t\t\t\t\t\t<a class=\"sp-pcp-thumb\" href=\"https:\/\/cfdt13.fr\/blog\/semaine-de-travail-en-4-jours-prochaine-rencontre-debat-organisee-par-la-cfdt-13\/\" target=\"_self\" >\n\t\t\t\t\t\t\t\t\t\t\t\t\t<img loading=\"lazy\" decoding=\"async\" src=\"https:\/\/cfdt13.fr\/blog\/wp-content\/uploads\/2024\/03\/semaine4jours_cfdt13.jpg\" width=\"2240\" height=\"1260\" alt=\"\">\n\t\t\t\t\t\t<\/a>\n\t\t\t\t\t<\/div>\n\t\t\t\t<\/div>\n\t\t\t\t\t\t\t<h2 class=\"sp-pcp-title\">\n\t\t\t\t\t\t\t\t\t<a href=\"https:\/\/cfdt13.fr\/blog\/semaine-de-travail-en-4-jours-prochaine-rencontre-debat-organisee-par-la-cfdt-13\/\"  target=\"_self\">Semaine de travail en 4 jours : prochaine rencontre &#8211; d\u00e9bat organis\u00e9e par la CFDT 13<\/a>\t\t\t\t\t\t\t<\/h2>\n\t\t\t\t\t\t<div class=\"sp-pcp-post-meta\">\n\t\t\t<ul><li>\t\t\t\t\t<i class=\"fa fa-user\"><\/i>\n\t\t\t\t\t<a href=\"https:\/\/cfdt13.fr\/blog\/author\/communication\/\"\n\t\t\t\t\t\trel=\"author\">communication cfdt 13<\/a>\n\t\t\t\t\t<\/li> <li>\t\t\t\t\t<i class=\"fa fa-calendar\"><\/i>\n\n<time class=\"entry-date published updated\">27 mars 2024<\/time>\n\t\t\t\t\t<\/li><\/ul>\t\t<\/div>\n\t\t\t\t\t<div class=\"sp-pcp-post-content\">\n\t\t\t<p>Un moment de r\u00e9flexion et de discussion. Semaine EN 4 jours ou semaine DE 4 jours La diff\u00e9rence entre ces<\/p>\n\t\t<div class=\"sp-pcp-readmore\">\n\t\t\t\t\t\t\t<a class=\"pcp-readmore-link\" target=\"_self\" href=\"https:\/\/cfdt13.fr\/blog\/semaine-de-travail-en-4-jours-prochaine-rencontre-debat-organisee-par-la-cfdt-13\/\" >\n\t\t\t\t\t\tRead More <\/a>\n\t\t<\/div>\n\t\t\t\t\t<\/div>\n\t\t\t\t\t\t<\/div>\n\t\t<\/div>\n\t\t\t\t<div class=\" sp-pcp-col-xs-1 sp-pcp-col-sm-2 sp-pcp-col-md-3 sp-pcp-col-lg-4 sp-pcp-col-xl-4\">\n\t\t\t<div class=\"sp-pcp-post pcp-item-1376\" data-id=\"1376\">\n\t\t\t\t\t\t\t\t<div class=\"pcp-post-thumb-wrapper\">\n\t\t\t\t\t<div class=\"sp-pcp-post-thumb-area\">\n\t\t\t\t\t\t\t\t\t\t\t\t<a class=\"sp-pcp-thumb\" href=\"https:\/\/cfdt13.fr\/blog\/la-cfdt-metallurgie-provence-appelle-a-la-greve-chez-mirion-technologies-des-aujourdhui\/\" target=\"_self\" >\n\t\t\t\t\t\t\t\t\t\t\t\t\t<img loading=\"lazy\" decoding=\"async\" src=\"https:\/\/cfdt13.fr\/blog\/wp-content\/uploads\/2024\/03\/WhatsApp-Image-2024-03-25-at-10.01.46.jpeg\" width=\"2048\" height=\"1152\" alt=\"\">\n\t\t\t\t\t\t<\/a>\n\t\t\t\t\t<\/div>\n\t\t\t\t<\/div>\n\t\t\t\t\t\t\t<h2 class=\"sp-pcp-title\">\n\t\t\t\t\t\t\t\t\t<a href=\"https:\/\/cfdt13.fr\/blog\/la-cfdt-metallurgie-provence-appelle-a-la-greve-chez-mirion-technologies-des-aujourdhui\/\"  target=\"_self\">La Cfdt M\u00e9tallurgie Provence appelle \u00e0 la gr\u00e8ve chez Mirion Technologies d\u00e8s aujourd&rsquo;hui<\/a>\t\t\t\t\t\t\t<\/h2>\n\t\t\t\t\t\t<div class=\"sp-pcp-post-meta\">\n\t\t\t<ul><li>\t\t\t\t\t<i class=\"fa fa-user\"><\/i>\n\t\t\t\t\t<a href=\"https:\/\/cfdt13.fr\/blog\/author\/communication\/\"\n\t\t\t\t\t\trel=\"author\">communication cfdt 13<\/a>\n\t\t\t\t\t<\/li> <li>\t\t\t\t\t<i class=\"fa fa-calendar\"><\/i>\n\n<time class=\"entry-date published updated\">25 mars 2024<\/time>\n\t\t\t\t\t<\/li><\/ul>\t\t<\/div>\n\t\t\t\t\t<div class=\"sp-pcp-post-content\">\n\t\t\t<p>Les salari\u00e9s de MIRION Technologies en gr\u00e8ve Au d\u00e9but de cette ann\u00e9e, Mirion Technologies, entreprise leader dans les secteurs de<\/p>\n\t\t<div class=\"sp-pcp-readmore\">\n\t\t\t\t\t\t\t<a class=\"pcp-readmore-link\" target=\"_self\" href=\"https:\/\/cfdt13.fr\/blog\/la-cfdt-metallurgie-provence-appelle-a-la-greve-chez-mirion-technologies-des-aujourdhui\/\" >\n\t\t\t\t\t\tRead More <\/a>\n\t\t<\/div>\n\t\t\t\t\t<\/div>\n\t\t\t\t\t\t<\/div>\n\t\t<\/div>\n\t\t\t<\/div>\n\t\t<span class=\"sp-pcp-pagination-data\" style=\"display:none;\"><\/span>\n\n\t\t<nav class=\"pcp-post-pagination pcp-on-desktop\">\n\t\t\t<span aria-current=\"page\" class=\"page-numbers current\">1<\/span><a class=\"page-numbers\" href=\"https:\/\/cfdt13.fr\/blog\/wp-json\/wp\/v2\/pages\/949\/?paged1116=2\">2<\/a><a class=\"next page-numbers\" href=\"https:\/\/cfdt13.fr\/blog\/wp-json\/wp\/v2\/pages\/949\/?paged1116=2\"><i class=\"fa fa-angle-right\"><\/i><\/a>\t\t<\/nav>\n\t\t\t\t\t<nav class=\"pcp-post-pagination pcp-on-mobile\">\n\t\t\t<span aria-current=\"page\" class=\"page-numbers current\">1<\/span><a class=\"page-numbers\" href=\"https:\/\/cfdt13.fr\/blog\/wp-json\/wp\/v2\/pages\/949\/?paged1116=2\">2<\/a><a class=\"next page-numbers\" href=\"https:\/\/cfdt13.fr\/blog\/wp-json\/wp\/v2\/pages\/949\/?paged1116=2\"><i class=\"fa fa-angle-right\"><\/i><\/a>\t\t<\/nav>\n\t\t\t\t<\/div>\n<\/div>","protected":false},"excerpt":{"rendered":"<p>Fermeture estivale et accompagnement des salari\u00e9s pendant cette p\u00e9riode<\/p>\n","protected":false},"author":1,"featured_media":0,"parent":0,"menu_order":0,"comment_status":"closed","ping_status":"closed","template":"","meta":{"_monsterinsights_skip_tracking":false,"_monsterinsights_sitenote_active":false,"_monsterinsights_sitenote_note":"","_monsterinsights_sitenote_category":0,"footnotes":""},"class_list":["post-949","page","type-page","status-publish","hentry"],"_links":{"self":[{"href":"https:\/\/cfdt13.fr\/blog\/wp-json\/wp\/v2\/pages\/949","targetHints":{"allow":["GET"]}}],"collection":[{"href":"https:\/\/cfdt13.fr\/blog\/wp-json\/wp\/v2\/pages"}],"about":[{"href":"https:\/\/cfdt13.fr\/blog\/wp-json\/wp\/v2\/types\/page"}],"author":[{"embeddable":true,"href":"https:\/\/cfdt13.fr\/blog\/wp-json\/wp\/v2\/users\/1"}],"replies":[{"embeddable":true,"href":"https:\/\/cfdt13.fr\/blog\/wp-json\/wp\/v2\/comments?post=949"}],"version-history":[{"count":22,"href":"https:\/\/cfdt13.fr\/blog\/wp-json\/wp\/v2\/pages\/949\/revisions"}],"predecessor-version":[{"id":1362,"href":"https:\/\/cfdt13.fr\/blog\/wp-json\/wp\/v2\/pages\/949\/revisions\/1362"}],"wp:attachment":[{"href":"https:\/\/cfdt13.fr\/blog\/wp-json\/wp\/v2\/media?parent=949"}],"curies":[{"name":"wp","href":"https:\/\/api.w.org\/{rel}","templated":true}]}}